{"id":15466,"date":"2017-07-10T12:53:15","date_gmt":"2017-07-10T15:53:15","guid":{"rendered":"http:\/\/cachacabocaina.com.br\/bocaina\/?page_id=15466"},"modified":"2020-05-16T03:58:10","modified_gmt":"2020-05-16T06:58:10","slug":"os-cuidados-na-producao","status":"publish","type":"page","link":"https:\/\/www.cachacabocaina.com.br\/bocaina\/os-cuidados-na-producao\/","title":{"rendered":"Os cuidados na produ\u00e7\u00e3o"},"content":{"rendered":"<p>[vc_row css_animation=&#8221;&#8221; row_type=&#8221;row&#8221; use_row_as_full_screen_section=&#8221;no&#8221; type=&#8221;full_width&#8221; angled_section=&#8221;no&#8221; text_align=&#8221;left&#8221; background_image_as_pattern=&#8221;without_pattern&#8221;][vc_column][vc_empty_space height=&#8221;50px&#8221;][vc_column_text]<\/p>\n<h2 style=\"text-align: center;\">OS CUIDADOS<\/h2>\n<p>[\/vc_column_text][vc_separator type=&#8221;small&#8221; position=&#8221;center&#8221; up=&#8221;7&#8243; down=&#8221;38&#8243;][\/vc_column][\/vc_row][vc_row css_animation=&#8221;&#8221; row_type=&#8221;row&#8221; use_row_as_full_screen_section=&#8221;no&#8221; type=&#8221;grid&#8221; angled_section=&#8221;no&#8221; text_align=&#8221;left&#8221; background_image_as_pattern=&#8221;without_pattern&#8221; background_color=&#8221;#ffffff&#8221; css=&#8221;.vc_custom_1499702921851{padding-top: 118px !important;}&#8221;][vc_column][qode_elements_holder number_of_columns=&#8221;two_columns&#8221; switch_to_one_column=&#8221;1000&#8243;][qode_elements_holder_item vertical_alignment=&#8221;top&#8221; advanced_animations=&#8221;no&#8221; item_padding=&#8221;4% 4% 0 0&#8243; item_padding_1024_1280=&#8221;7.5% 0 0 0&#8243; item_padding_768_1024=&#8221;0 3% 0 0&#8243; item_padding_600_768=&#8221;0 0 0 0&#8243; item_padding_480_600=&#8221;0 0 0 0&#8243; item_padding_480=&#8221;0 0 0 0&#8243;][vc_column_text]<\/p>\n<h2>CANA-DE-A\u00c7\u00daCAR<\/h2>\n<p>[\/vc_column_text][vc_separator type=&#8221;transparent&#8221; thickness=&#8221;0&#8243; up=&#8221;32&#8243; down=&#8221;0&#8243;][vc_column_text]As cultivares s\u00e3o as que mais se adaptaram \u00e0 regi\u00e3o e, com per\u00edodos de matura\u00e7\u00e3o em \u00e9pocas diferentes, proporcionando maiores rendimentos e facilidade no processo de fermenta\u00e7\u00e3o. O Sul de Minas tem como caracter\u00edsticas clim\u00e1ticas, inverno frio e seco, condi\u00e7\u00f5es estas que favorecem a matura\u00e7\u00e3o da cana.[\/vc_column_text][vc_separator type=&#8221;transparent&#8221; thickness=&#8221;0&#8243; up=&#8221;41&#8243; down=&#8221;0&#8243;][vc_separator type=&#8221;transparent&#8221; thickness=&#8221;0&#8243; up=&#8221;61&#8243; down=&#8221;0&#8243;][\/qode_elements_holder_item][qode_elements_holder_item vertical_alignment=&#8221;top&#8221; advanced_animations=&#8221;no&#8221; item_padding=&#8221;0 0 0 12%&#8221; item_padding_1024_1280=&#8221;0 0 0 9%&#8221; item_padding_768_1024=&#8221;0 0 0 0&#8243; item_padding_600_768=&#8221;0 0 0 0&#8243; item_padding_480_600=&#8221;0 0 0 0&#8243; item_padding_480=&#8221;0 0 0 0&#8243;][vc_single_image image=&#8221;15470&#8243; img_size=&#8221;full&#8221; qode_css_animation=&#8221;&#8221;][vc_separator type=&#8221;transparent&#8221; thickness=&#8221;0&#8243; up=&#8221;61&#8243; down=&#8221;0&#8243;][\/qode_elements_holder_item][\/qode_elements_holder][\/vc_column][\/vc_row][vc_row css_animation=&#8221;&#8221; row_type=&#8221;row&#8221; use_row_as_full_screen_section=&#8221;no&#8221; type=&#8221;grid&#8221; angled_section=&#8221;no&#8221; text_align=&#8221;left&#8221; background_image_as_pattern=&#8221;without_pattern&#8221; css=&#8221;.vc_custom_1456240178362{padding-top: 62px !important;background-color: #f5f5f5 !important;}&#8221;][vc_column][qode_elements_holder number_of_columns=&#8221;two_columns&#8221; switch_to_one_column=&#8221;1000&#8243;][qode_elements_holder_item vertical_alignment=&#8221;top&#8221; advanced_animations=&#8221;no&#8221; item_padding=&#8221;0% 11% 0 0%&#8221; item_padding_1024_1280=&#8221;0% 11% 0 0%&#8221; item_padding_768_1024=&#8221;0 0 0 0&#8243; item_padding_600_768=&#8221;0 0 0 0&#8243; item_padding_480_600=&#8221;0 0 0 0&#8243; item_padding_480=&#8221;0 0 0 0&#8243;][vc_single_image image=&#8221;15591&#8243; img_size=&#8221;full&#8221; qode_css_animation=&#8221;&#8221;][vc_separator type=&#8221;transparent&#8221; thickness=&#8221;0&#8243; up=&#8221;61&#8243; down=&#8221;0&#8243;][\/qode_elements_holder_item][qode_elements_holder_item vertical_alignment=&#8221;top&#8221; advanced_animations=&#8221;no&#8221; item_padding=&#8221;4% 4% 0 0&#8243; item_padding_1024_1280=&#8221;6.5% 0 0 0&#8243; item_padding_768_1024=&#8221;0 0 0 3%&#8221; item_padding_600_768=&#8221;0 0 0 0&#8243; item_padding_480_600=&#8221;0 0 0 0&#8243; item_padding_480=&#8221;0 0 0 0&#8243;][vc_column_text]<\/p>\n<h2>COLHEITA DA CANA<\/h2>\n<p>[\/vc_column_text][vc_separator type=&#8221;transparent&#8221; thickness=&#8221;0&#8243; up=&#8221;32&#8243; down=&#8221;0&#8243;][vc_column_text]Despalha sem queima, descarte da ponta e a moagem, logo ap\u00f3s a colheita.[\/vc_column_text][vc_separator type=&#8221;transparent&#8221; thickness=&#8221;0&#8243; up=&#8221;41&#8243; down=&#8221;0&#8243;][vc_separator type=&#8221;transparent&#8221; thickness=&#8221;0&#8243; up=&#8221;61&#8243; down=&#8221;0&#8243;][\/qode_elements_holder_item][\/qode_elements_holder][\/vc_column][\/vc_row][vc_row css_animation=&#8221;&#8221; row_type=&#8221;row&#8221; use_row_as_full_screen_section=&#8221;no&#8221; type=&#8221;grid&#8221; angled_section=&#8221;no&#8221; text_align=&#8221;left&#8221; background_image_as_pattern=&#8221;without_pattern&#8221; background_color=&#8221;#ffffff&#8221; css=&#8221;.vc_custom_1499703360653{padding-top: 62px !important;padding-bottom: 88px !important;}&#8221;][vc_column][qode_elements_holder number_of_columns=&#8221;two_columns&#8221; switch_to_one_column=&#8221;1000&#8243;][qode_elements_holder_item vertical_alignment=&#8221;top&#8221; advanced_animations=&#8221;no&#8221; item_padding=&#8221;4% 4% 0 0&#8243; item_padding_1024_1280=&#8221;7.5% 0 0 0&#8243; item_padding_768_1024=&#8221;0 3% 0 0&#8243; item_padding_600_768=&#8221;0 0 0 0&#8243; item_padding_480_600=&#8221;0 0 0 0&#8243; item_padding_480=&#8221;0 0 0 0&#8243;][vc_column_text]<\/p>\n<h2>PREPARO DO MOSTO<\/h2>\n<p>[\/vc_column_text][vc_separator type=&#8221;transparent&#8221; thickness=&#8221;0&#8243; up=&#8221;32&#8243; down=&#8221;0&#8243;][vc_column_text]Filtragem e decanta\u00e7\u00e3o do caldo, corre\u00e7\u00e3o do Brix e temperatura.[\/vc_column_text][vc_separator type=&#8221;transparent&#8221; thickness=&#8221;0&#8243; up=&#8221;41&#8243; down=&#8221;0&#8243;][vc_separator type=&#8221;transparent&#8221; thickness=&#8221;0&#8243; up=&#8221;61&#8243; down=&#8221;0&#8243;][\/qode_elements_holder_item][qode_elements_holder_item vertical_alignment=&#8221;top&#8221; advanced_animations=&#8221;no&#8221; item_padding=&#8221;0 0 0 12%&#8221; item_padding_1024_1280=&#8221;0 0 0 9%&#8221; item_padding_768_1024=&#8221;0 0 0 0&#8243; item_padding_600_768=&#8221;0 0 0 0&#8243; item_padding_480_600=&#8221;0 0 0 0&#8243; item_padding_480=&#8221;0 0 0 0&#8243;][vc_single_image image=&#8221;15473&#8243; img_size=&#8221;full&#8221; qode_css_animation=&#8221;&#8221;][vc_separator type=&#8221;transparent&#8221; thickness=&#8221;0&#8243; up=&#8221;61&#8243; down=&#8221;0&#8243;][\/qode_elements_holder_item][\/qode_elements_holder][\/vc_column][\/vc_row][vc_row css_animation=&#8221;&#8221; row_type=&#8221;row&#8221; use_row_as_full_screen_section=&#8221;no&#8221; type=&#8221;grid&#8221; angled_section=&#8221;no&#8221; text_align=&#8221;left&#8221; background_image_as_pattern=&#8221;without_pattern&#8221; css=&#8221;.vc_custom_1456240178362{padding-top: 62px !important;background-color: #f5f5f5 !important;}&#8221;][vc_column][qode_elements_holder number_of_columns=&#8221;two_columns&#8221; switch_to_one_column=&#8221;1000&#8243;][qode_elements_holder_item vertical_alignment=&#8221;top&#8221; advanced_animations=&#8221;no&#8221; item_padding=&#8221;0% 11% 0 0%&#8221; item_padding_1024_1280=&#8221;0% 11% 0 0%&#8221; item_padding_768_1024=&#8221;0 0 0 0&#8243; item_padding_600_768=&#8221;0 0 0 0&#8243; item_padding_480_600=&#8221;0 0 0 0&#8243; item_padding_480=&#8221;0 0 0 0&#8243;][vc_single_image image=&#8221;15472&#8243; img_size=&#8221;full&#8221; qode_css_animation=&#8221;&#8221;][vc_separator type=&#8221;transparent&#8221; thickness=&#8221;0&#8243; up=&#8221;61&#8243; down=&#8221;0&#8243;][\/qode_elements_holder_item][qode_elements_holder_item vertical_alignment=&#8221;top&#8221; advanced_animations=&#8221;no&#8221; item_padding=&#8221;4% 4% 0 0&#8243; item_padding_1024_1280=&#8221;6.5% 0 0 0&#8243; item_padding_768_1024=&#8221;0 0 0 3%&#8221; item_padding_600_768=&#8221;0 0 0 0&#8243; item_padding_480_600=&#8221;0 0 0 0&#8243; item_padding_480=&#8221;0 0 0 0&#8243;][vc_column_text]<\/p>\n<h2>FERMENTA\u00c7\u00c3O<\/h2>\n<p>[\/vc_column_text][vc_separator type=&#8221;transparent&#8221; thickness=&#8221;0&#8243; up=&#8221;32&#8243; down=&#8221;0&#8243;][vc_column_text]Com leveduras caipiras selecionadas em nosso microclima, tendo como nutrientes o farelo de arroz e o fub\u00e1 de milho. Durante esta etapa, toma-se os cuidados para n\u00e3o deixar que o processo venha acontecer al\u00e9m de trinta horas. O controle microbiol\u00f3gico tamb\u00e9m integra esta fase.[\/vc_column_text][vc_separator type=&#8221;transparent&#8221; thickness=&#8221;0&#8243; up=&#8221;41&#8243; down=&#8221;0&#8243;][vc_separator type=&#8221;transparent&#8221; thickness=&#8221;0&#8243; up=&#8221;61&#8243; down=&#8221;0&#8243;][\/qode_elements_holder_item][\/qode_elements_holder][\/vc_column][\/vc_row][vc_row css_animation=&#8221;&#8221; row_type=&#8221;row&#8221; use_row_as_full_screen_section=&#8221;no&#8221; type=&#8221;grid&#8221; angled_section=&#8221;no&#8221; text_align=&#8221;left&#8221; background_image_as_pattern=&#8221;without_pattern&#8221; background_color=&#8221;#ffffff&#8221; css=&#8221;.vc_custom_1499703396876{padding-top: 62px !important;padding-bottom: 88px !important;}&#8221;][vc_column][qode_elements_holder number_of_columns=&#8221;two_columns&#8221; switch_to_one_column=&#8221;1000&#8243;][qode_elements_holder_item vertical_alignment=&#8221;top&#8221; advanced_animations=&#8221;no&#8221; item_padding=&#8221;4% 4% 0 0&#8243; item_padding_1024_1280=&#8221;7.5% 0 0 0&#8243; item_padding_768_1024=&#8221;0 3% 0 0&#8243; item_padding_600_768=&#8221;0 0 0 0&#8243; item_padding_480_600=&#8221;0 0 0 0&#8243; item_padding_480=&#8221;0 0 0 0&#8243;][vc_column_text]<\/p>\n<h2>DESTILA\u00c7\u00c3O<\/h2>\n<p>[\/vc_column_text][vc_separator type=&#8221;transparent&#8221; thickness=&#8221;0&#8243; up=&#8221;32&#8243; down=&#8221;0&#8243;][vc_column_text]\u00c9 feita em <strong>alambique de cobre<\/strong>, com separa\u00e7\u00e3o das fra\u00e7\u00f5es de cabe\u00e7a e cauda, colhendo somente a parte nobre (cora\u00e7\u00e3o), com acompanhamento da temperatura e o teor alco\u00f3lico do in\u00edcio ao fim, sem a necessidade de adicionar \u00e1gua para corre\u00e7\u00e3o da gradua\u00e7\u00e3o.[\/vc_column_text][vc_separator type=&#8221;transparent&#8221; thickness=&#8221;0&#8243; up=&#8221;41&#8243; down=&#8221;0&#8243;][vc_separator type=&#8221;transparent&#8221; thickness=&#8221;0&#8243; up=&#8221;61&#8243; down=&#8221;0&#8243;][\/qode_elements_holder_item][qode_elements_holder_item vertical_alignment=&#8221;top&#8221; advanced_animations=&#8221;no&#8221; item_padding=&#8221;0 0 0 12%&#8221; item_padding_1024_1280=&#8221;0 0 0 9%&#8221; item_padding_768_1024=&#8221;0 0 0 0&#8243; item_padding_600_768=&#8221;0 0 0 0&#8243; item_padding_480_600=&#8221;0 0 0 0&#8243; item_padding_480=&#8221;0 0 0 0&#8243;][vc_single_image image=&#8221;15471&#8243; img_size=&#8221;full&#8221; qode_css_animation=&#8221;&#8221;][vc_separator type=&#8221;transparent&#8221; thickness=&#8221;0&#8243; up=&#8221;61&#8243; down=&#8221;0&#8243;][\/qode_elements_holder_item][\/qode_elements_holder][\/vc_column][\/vc_row][vc_row css_animation=&#8221;&#8221; row_type=&#8221;row&#8221; use_row_as_full_screen_section=&#8221;no&#8221; type=&#8221;grid&#8221; angled_section=&#8221;no&#8221; text_align=&#8221;left&#8221; background_image_as_pattern=&#8221;without_pattern&#8221; css=&#8221;.vc_custom_1456240178362{padding-top: 62px !important;background-color: #f5f5f5 !important;}&#8221;][vc_column][qode_elements_holder number_of_columns=&#8221;two_columns&#8221; switch_to_one_column=&#8221;1000&#8243;][qode_elements_holder_item vertical_alignment=&#8221;top&#8221; advanced_animations=&#8221;no&#8221; item_padding=&#8221;0% 11% 0 0%&#8221; item_padding_1024_1280=&#8221;0% 11% 0 0%&#8221; item_padding_768_1024=&#8221;0 0 0 0&#8243; item_padding_600_768=&#8221;0 0 0 0&#8243; item_padding_480_600=&#8221;0 0 0 0&#8243; item_padding_480=&#8221;0 0 0 0&#8243;][vc_single_image image=&#8221;15469&#8243; img_size=&#8221;full&#8221; qode_css_animation=&#8221;&#8221;][vc_separator type=&#8221;transparent&#8221; thickness=&#8221;0&#8243; up=&#8221;61&#8243; down=&#8221;0&#8243;][\/qode_elements_holder_item][qode_elements_holder_item vertical_alignment=&#8221;top&#8221; advanced_animations=&#8221;no&#8221; item_padding=&#8221;4% 4% 0 0&#8243; item_padding_1024_1280=&#8221;6.5% 0 0 0&#8243; item_padding_768_1024=&#8221;0 0 0 3%&#8221; item_padding_600_768=&#8221;0 0 0 0&#8243; item_padding_480_600=&#8221;0 0 0 0&#8243; item_padding_480=&#8221;0 0 0 0&#8243;][vc_column_text]<\/p>\n<h2>ARMAZENAMENTO<\/h2>\n<p>[\/vc_column_text][vc_separator type=&#8221;transparent&#8221; thickness=&#8221;0&#8243; up=&#8221;32&#8243; down=&#8221;0&#8243;][vc_column_text]Descanso em ton\u00e9is de madeira neutra (Jequitib\u00e1) e amadurecimento em ton\u00e9is de Carvalho por 2 anos, onde adquire cor e sabor diferenciados, sem uso de aditivos qu\u00edmicos ou corantes.[\/vc_column_text][vc_separator type=&#8221;transparent&#8221; thickness=&#8221;0&#8243; up=&#8221;41&#8243; down=&#8221;0&#8243;][vc_separator type=&#8221;transparent&#8221; thickness=&#8221;0&#8243; up=&#8221;61&#8243; down=&#8221;0&#8243;][\/qode_elements_holder_item][\/qode_elements_holder][\/vc_column][\/vc_row]<\/p>\n","protected":false},"excerpt":{"rendered":"<p>[vc_row css_animation=&#8221;&#8221; row_type=&#8221;row&#8221; use_row_as_full_screen_section=&#8221;no&#8221; type=&#8221;full_width&#8221; angled_section=&#8221;no&#8221; text_align=&#8221;left&#8221; background_image_as_pattern=&#8221;without_pattern&#8221;][vc_column][vc_empty_space height=&#8221;50px&#8221;][vc_column_text] OS CUIDADOS [\/vc_column_text][vc_separator type=&#8221;small&#8221; position=&#8221;center&#8221; up=&#8221;7&#8243; down=&#8221;38&#8243;][\/vc_column][\/vc_row][vc_row css_animation=&#8221;&#8221; row_type=&#8221;row&#8221; use_row_as_full_screen_section=&#8221;no&#8221; type=&#8221;grid&#8221; angled_section=&#8221;no&#8221; text_align=&#8221;left&#8221; background_image_as_pattern=&#8221;without_pattern&#8221; background_color=&#8221;#ffffff&#8221; css=&#8221;.vc_custom_1499702921851{padding-top: 118px !important;}&#8221;][vc_column][qode_elements_holder number_of_columns=&#8221;two_columns&#8221; switch_to_one_column=&#8221;1000&#8243;][qode_elements_holder_item vertical_alignment=&#8221;top&#8221; advanced_animations=&#8221;no&#8221; item_padding=&#8221;4% 4% 0 0&#8243; item_padding_1024_1280=&#8221;7.5% 0 0 0&#8243; item_padding_768_1024=&#8221;0 3% 0 0&#8243; item_padding_600_768=&#8221;0 0&#8230;<\/p>\n","protected":false},"author":1,"featured_media":0,"parent":0,"menu_order":0,"comment_status":"open","ping_status":"open","template":"full_width.php","meta":[],"yoast_head":"<!-- This site is optimized with the Yoast SEO plugin v20.6 - https:\/\/yoast.com\/wordpress\/plugins\/seo\/ -->\n<title>Os cuidados na produ\u00e7\u00e3o &mdash; Cacha\u00e7a Bocaina<\/title>\n<meta name=\"robots\" content=\"index, follow, max-snippet:-1, max-image-preview:large, max-video-preview:-1\" \/>\n<link rel=\"canonical\" href=\"https:\/\/www.cachacabocaina.com.br\/bocaina\/os-cuidados-na-producao\/\" \/>\n<meta property=\"og:locale\" content=\"pt_BR\" \/>\n<meta property=\"og:type\" content=\"article\" \/>\n<meta property=\"og:title\" content=\"Os cuidados na produ\u00e7\u00e3o &mdash; Cacha\u00e7a Bocaina\" \/>\n<meta property=\"og:description\" content=\"[vc_row css_animation=&#8221;&#8221; row_type=&#8221;row&#8221; use_row_as_full_screen_section=&#8221;no&#8221; type=&#8221;full_width&#8221; angled_section=&#8221;no&#8221; text_align=&#8221;left&#8221; background_image_as_pattern=&#8221;without_pattern&#8221;][vc_column][vc_empty_space height=&#8221;50px&#8221;][vc_column_text] OS CUIDADOS [\/vc_column_text][vc_separator type=&#8221;small&#8221; position=&#8221;center&#8221; up=&#8221;7&#8243; down=&#8221;38&#8243;][\/vc_column][\/vc_row][vc_row css_animation=&#8221;&#8221; row_type=&#8221;row&#8221; use_row_as_full_screen_section=&#8221;no&#8221; type=&#8221;grid&#8221; angled_section=&#8221;no&#8221; text_align=&#8221;left&#8221; background_image_as_pattern=&#8221;without_pattern&#8221; background_color=&#8221;#ffffff&#8221; css=&#8221;.vc_custom_1499702921851{padding-top: 118px !important;}&#8221;][vc_column][qode_elements_holder number_of_columns=&#8221;two_columns&#8221; switch_to_one_column=&#8221;1000&#8243;][qode_elements_holder_item vertical_alignment=&#8221;top&#8221; advanced_animations=&#8221;no&#8221; item_padding=&#8221;4% 4% 0 0&#8243; item_padding_1024_1280=&#8221;7.5% 0 0 0&#8243; item_padding_768_1024=&#8221;0 3% 0 0&#8243; item_padding_600_768=&#8221;0 0...\" \/>\n<meta property=\"og:url\" content=\"https:\/\/www.cachacabocaina.com.br\/bocaina\/os-cuidados-na-producao\/\" \/>\n<meta property=\"og:site_name\" content=\"Cacha\u00e7a Bocaina\" \/>\n<meta property=\"article:publisher\" content=\"https:\/\/www.facebook.com\/cachacabocainaoficial\" \/>\n<meta property=\"article:modified_time\" content=\"2020-05-16T06:58:10+00:00\" \/>\n<meta name=\"twitter:card\" content=\"summary_large_image\" \/>\n<meta name=\"twitter:label1\" content=\"Est. tempo de leitura\" \/>\n\t<meta name=\"twitter:data1\" content=\"6 minutos\" \/>\n<script type=\"application\/ld+json\" class=\"yoast-schema-graph\">{\"@context\":\"https:\/\/schema.org\",\"@graph\":[{\"@type\":\"WebPage\",\"@id\":\"https:\/\/www.cachacabocaina.com.br\/bocaina\/os-cuidados-na-producao\/\",\"url\":\"https:\/\/www.cachacabocaina.com.br\/bocaina\/os-cuidados-na-producao\/\",\"name\":\"Os cuidados na produ\u00e7\u00e3o &mdash; Cacha\u00e7a Bocaina\",\"isPartOf\":{\"@id\":\"https:\/\/www.cachacabocaina.com.br\/bocaina\/#website\"},\"datePublished\":\"2017-07-10T15:53:15+00:00\",\"dateModified\":\"2020-05-16T06:58:10+00:00\",\"breadcrumb\":{\"@id\":\"https:\/\/www.cachacabocaina.com.br\/bocaina\/os-cuidados-na-producao\/#breadcrumb\"},\"inLanguage\":\"pt-BR\",\"potentialAction\":[{\"@type\":\"ReadAction\",\"target\":[\"https:\/\/www.cachacabocaina.com.br\/bocaina\/os-cuidados-na-producao\/\"]}]},{\"@type\":\"BreadcrumbList\",\"@id\":\"https:\/\/www.cachacabocaina.com.br\/bocaina\/os-cuidados-na-producao\/#breadcrumb\",\"itemListElement\":[{\"@type\":\"ListItem\",\"position\":1,\"name\":\"In\u00edcio\",\"item\":\"https:\/\/www.cachacabocaina.com.br\/bocaina\/\"},{\"@type\":\"ListItem\",\"position\":2,\"name\":\"Os cuidados na produ\u00e7\u00e3o\"}]},{\"@type\":\"WebSite\",\"@id\":\"https:\/\/www.cachacabocaina.com.br\/bocaina\/#website\",\"url\":\"https:\/\/www.cachacabocaina.com.br\/bocaina\/\",\"name\":\"Cacha\u00e7a Bocaina\",\"description\":\"Cacha\u00e7a Artesanal do Sul de Minas\",\"publisher\":{\"@id\":\"https:\/\/www.cachacabocaina.com.br\/bocaina\/#organization\"},\"potentialAction\":[{\"@type\":\"SearchAction\",\"target\":{\"@type\":\"EntryPoint\",\"urlTemplate\":\"https:\/\/www.cachacabocaina.com.br\/bocaina\/?s={search_term_string}\"},\"query-input\":\"required name=search_term_string\"}],\"inLanguage\":\"pt-BR\"},{\"@type\":\"Organization\",\"@id\":\"https:\/\/www.cachacabocaina.com.br\/bocaina\/#organization\",\"name\":\"Cacha\u00e7a Bocaina\",\"url\":\"https:\/\/www.cachacabocaina.com.br\/bocaina\/\",\"logo\":{\"@type\":\"ImageObject\",\"inLanguage\":\"pt-BR\",\"@id\":\"https:\/\/www.cachacabocaina.com.br\/bocaina\/#\/schema\/logo\/image\/\",\"url\":\"https:\/\/www.cachacabocaina.com.br\/bocaina\/wp-content\/uploads\/2019\/07\/og-image.jpg\",\"contentUrl\":\"https:\/\/www.cachacabocaina.com.br\/bocaina\/wp-content\/uploads\/2019\/07\/og-image.jpg\",\"width\":1200,\"height\":628,\"caption\":\"Cacha\u00e7a Bocaina\"},\"image\":{\"@id\":\"https:\/\/www.cachacabocaina.com.br\/bocaina\/#\/schema\/logo\/image\/\"},\"sameAs\":[\"https:\/\/www.facebook.com\/cachacabocainaoficial\",\"http:\/\/instagram.com\/cachacabocainaoficial\"]}]}<\/script>\n<!-- \/ Yoast SEO plugin. -->","yoast_head_json":{"title":"Os cuidados na produ\u00e7\u00e3o &mdash; Cacha\u00e7a Bocaina","robots":{"index":"index","follow":"follow","max-snippet":"max-snippet:-1","max-image-preview":"max-image-preview:large","max-video-preview":"max-video-preview:-1"},"canonical":"https:\/\/www.cachacabocaina.com.br\/bocaina\/os-cuidados-na-producao\/","og_locale":"pt_BR","og_type":"article","og_title":"Os cuidados na produ\u00e7\u00e3o &mdash; Cacha\u00e7a Bocaina","og_description":"[vc_row css_animation=&#8221;&#8221; row_type=&#8221;row&#8221; use_row_as_full_screen_section=&#8221;no&#8221; type=&#8221;full_width&#8221; angled_section=&#8221;no&#8221; text_align=&#8221;left&#8221; background_image_as_pattern=&#8221;without_pattern&#8221;][vc_column][vc_empty_space height=&#8221;50px&#8221;][vc_column_text] OS CUIDADOS [\/vc_column_text][vc_separator type=&#8221;small&#8221; position=&#8221;center&#8221; up=&#8221;7&#8243; down=&#8221;38&#8243;][\/vc_column][\/vc_row][vc_row css_animation=&#8221;&#8221; row_type=&#8221;row&#8221; use_row_as_full_screen_section=&#8221;no&#8221; type=&#8221;grid&#8221; angled_section=&#8221;no&#8221; text_align=&#8221;left&#8221; background_image_as_pattern=&#8221;without_pattern&#8221; background_color=&#8221;#ffffff&#8221; css=&#8221;.vc_custom_1499702921851{padding-top: 118px !important;}&#8221;][vc_column][qode_elements_holder number_of_columns=&#8221;two_columns&#8221; switch_to_one_column=&#8221;1000&#8243;][qode_elements_holder_item vertical_alignment=&#8221;top&#8221; advanced_animations=&#8221;no&#8221; item_padding=&#8221;4% 4% 0 0&#8243; item_padding_1024_1280=&#8221;7.5% 0 0 0&#8243; item_padding_768_1024=&#8221;0 3% 0 0&#8243; item_padding_600_768=&#8221;0 0...","og_url":"https:\/\/www.cachacabocaina.com.br\/bocaina\/os-cuidados-na-producao\/","og_site_name":"Cacha\u00e7a Bocaina","article_publisher":"https:\/\/www.facebook.com\/cachacabocainaoficial","article_modified_time":"2020-05-16T06:58:10+00:00","twitter_card":"summary_large_image","twitter_misc":{"Est. tempo de leitura":"6 minutos"},"schema":{"@context":"https:\/\/schema.org","@graph":[{"@type":"WebPage","@id":"https:\/\/www.cachacabocaina.com.br\/bocaina\/os-cuidados-na-producao\/","url":"https:\/\/www.cachacabocaina.com.br\/bocaina\/os-cuidados-na-producao\/","name":"Os cuidados na produ\u00e7\u00e3o &mdash; Cacha\u00e7a Bocaina","isPartOf":{"@id":"https:\/\/www.cachacabocaina.com.br\/bocaina\/#website"},"datePublished":"2017-07-10T15:53:15+00:00","dateModified":"2020-05-16T06:58:10+00:00","breadcrumb":{"@id":"https:\/\/www.cachacabocaina.com.br\/bocaina\/os-cuidados-na-producao\/#breadcrumb"},"inLanguage":"pt-BR","potentialAction":[{"@type":"ReadAction","target":["https:\/\/www.cachacabocaina.com.br\/bocaina\/os-cuidados-na-producao\/"]}]},{"@type":"BreadcrumbList","@id":"https:\/\/www.cachacabocaina.com.br\/bocaina\/os-cuidados-na-producao\/#breadcrumb","itemListElement":[{"@type":"ListItem","position":1,"name":"In\u00edcio","item":"https:\/\/www.cachacabocaina.com.br\/bocaina\/"},{"@type":"ListItem","position":2,"name":"Os cuidados na produ\u00e7\u00e3o"}]},{"@type":"WebSite","@id":"https:\/\/www.cachacabocaina.com.br\/bocaina\/#website","url":"https:\/\/www.cachacabocaina.com.br\/bocaina\/","name":"Cacha\u00e7a Bocaina","description":"Cacha\u00e7a Artesanal do Sul de Minas","publisher":{"@id":"https:\/\/www.cachacabocaina.com.br\/bocaina\/#organization"},"potentialAction":[{"@type":"SearchAction","target":{"@type":"EntryPoint","urlTemplate":"https:\/\/www.cachacabocaina.com.br\/bocaina\/?s={search_term_string}"},"query-input":"required name=search_term_string"}],"inLanguage":"pt-BR"},{"@type":"Organization","@id":"https:\/\/www.cachacabocaina.com.br\/bocaina\/#organization","name":"Cacha\u00e7a Bocaina","url":"https:\/\/www.cachacabocaina.com.br\/bocaina\/","logo":{"@type":"ImageObject","inLanguage":"pt-BR","@id":"https:\/\/www.cachacabocaina.com.br\/bocaina\/#\/schema\/logo\/image\/","url":"https:\/\/www.cachacabocaina.com.br\/bocaina\/wp-content\/uploads\/2019\/07\/og-image.jpg","contentUrl":"https:\/\/www.cachacabocaina.com.br\/bocaina\/wp-content\/uploads\/2019\/07\/og-image.jpg","width":1200,"height":628,"caption":"Cacha\u00e7a Bocaina"},"image":{"@id":"https:\/\/www.cachacabocaina.com.br\/bocaina\/#\/schema\/logo\/image\/"},"sameAs":["https:\/\/www.facebook.com\/cachacabocainaoficial","http:\/\/instagram.com\/cachacabocainaoficial"]}]}},"_links":{"self":[{"href":"https:\/\/www.cachacabocaina.com.br\/bocaina\/wp-json\/wp\/v2\/pages\/15466"}],"collection":[{"href":"https:\/\/www.cachacabocaina.com.br\/bocaina\/wp-json\/wp\/v2\/pages"}],"about":[{"href":"https:\/\/www.cachacabocaina.com.br\/bocaina\/wp-json\/wp\/v2\/types\/page"}],"author":[{"embeddable":true,"href":"https:\/\/www.cachacabocaina.com.br\/bocaina\/wp-json\/wp\/v2\/users\/1"}],"replies":[{"embeddable":true,"href":"https:\/\/www.cachacabocaina.com.br\/bocaina\/wp-json\/wp\/v2\/comments?post=15466"}],"version-history":[{"count":12,"href":"https:\/\/www.cachacabocaina.com.br\/bocaina\/wp-json\/wp\/v2\/pages\/15466\/revisions"}],"predecessor-version":[{"id":15827,"href":"https:\/\/www.cachacabocaina.com.br\/bocaina\/wp-json\/wp\/v2\/pages\/15466\/revisions\/15827"}],"wp:attachment":[{"href":"https:\/\/www.cachacabocaina.com.br\/bocaina\/wp-json\/wp\/v2\/media?parent=15466"}],"curies":[{"name":"wp","href":"https:\/\/api.w.org\/{rel}","templated":true}]}}